{"id":4520,"date":"2023-12-05T20:39:59","date_gmt":"2023-12-05T19:39:59","guid":{"rendered":"https:\/\/tgp-papenburg.de\/?page_id=4520"},"modified":"2024-12-21T22:31:31","modified_gmt":"2024-12-21T21:31:31","slug":"unser-blog","status":"publish","type":"page","link":"https:\/\/tgp-papenburg.de\/?page_id=4520","title":{"rendered":"unser Blog"},"content":{"rendered":"<div class=\"cff-wrapper\">\t<div id=\"cff-visual-header-394533904077206\" class=\"cff-visual-header cff-has-name cff-has-about cff-has-cover\">\n\t\t\t\t\t\t<div class=\"cff-header-hero\">\n\t\t\t<img decoding=\"async\" src=\"https:\/\/tgp-papenburg.de\/wp-content\/plugins\/custom-facebook-feed\/assets\/img\/placeholder.png\" alt=\"Titelbild f\u00fcr Tauchgemeinschaft Papenburg 1979 e.V.\" data-cover-url=\"https:\/\/scontent-xxb1-1.xx.fbcdn.net\/v\/t39.30808-6\/474378961_1230077592451408_1275211360521107678_n.jpg?_nc_cat=108&#038;ccb=1-7&#038;_nc_sid=351699&#038;_nc_ohc=LZ2wPEu_tkoQ7kNvwHqmjgr&#038;_nc_oc=AdojDc6a2noosc_m1GOePB7lNz9_cYku_v201hmjRVK3KGylrn-P-zJMMHagYlclA8A&#038;_nc_zt=23&#038;_nc_ht=scontent-xxb1-1.xx&#038;edm=AJdBtusEAAAA&#038;_nc_gid=jNQthZ4vxf8DG_CtYd99JQ&#038;_nc_tpa=Q5bMBQH-wy3A3hh2OJ3utHzKCoFcQVqnOosRLtFefgO2ddOWDY_ewifYZ-S7q8s8J0_Oc6ugI41ecJeOlA&#038;oh=00_Af4U2hgyx2RsppkzF2l5rAlJE9nBjp-rEibqqr9RqGY3cg&#038;oe=69FAC173\">\n\t\t\t\t\t\t<div class=\"cff-likes-box\">\n\t\t\t\t<div class=\"cff-square-logo\"><svg aria-hidden=\"true\" focusable=\"false\" data-prefix=\"fab\" data-icon=\"facebook-square\" role=\"img\" xmlns=\"http:\/\/www.w3.org\/2000\/svg\" viewBox=\"0 0 448 512\" class=\"svg-inline--fa fa-facebook-square fa-w-14\"><path fill=\"currentColor\" d=\"M400 32H48A48 48 0 0 0 0 80v352a48 48 0 0 0 48 48h137.25V327.69h-63V256h63v-54.64c0-62.15 37-96.48 93.67-96.48 27.14 0 55.52 4.84 55.52 4.84v61h-31.27c-30.81 0-40.42 19.12-40.42 38.73V256h68.78l-11 71.69h-57.78V480H400a48 48 0 0 0 48-48V80a48 48 0 0 0-48-48z\" class=\"\"><\/path><\/svg><\/div>\n\t\t\t\t<div class=\"cff-likes-count\">\n\t\t\t\t\t621\t\t\t\t<\/div>\n\t\t\t<\/div>\n\t\t\t\t\t<\/div>\n\t\t\t\t<div class=\"cff-header-inner-wrap\">\n\t\t\t\t\t\t\t<div class=\"cff-header-img\">\n\t\t\t\t\t<a href=\"https:\/\/www.facebook.com\/394533904077206\" target=\"_blank\" rel=\"nofollow noopener\" title=\"Tauchgemeinschaft Papenburg 1979 e.V.\"><img decoding=\"async\" src=\"https:\/\/tgp-papenburg.de\/wp-content\/plugins\/custom-facebook-feed\/assets\/img\/placeholder.png\" alt=\"Tauchgemeinschaft Papenburg 1979 e.V.\" data-avatar=\"https:\/\/scontent-xxb1-1.xx.fbcdn.net\/v\/t39.30808-1\/317486134_597879682337872_2149860427101487280_n.jpg?stp=dst-jpg_s160x160_tt6&#038;_nc_cat=102&#038;ccb=1-7&#038;_nc_sid=08baa4&#038;_nc_ohc=deijueWo71cQ7kNvwGgk4xe&#038;_nc_oc=AdosyC_xgTFM-xOB5T6LL2EhO-g71_6ltvOZHjdUM0p-KHKO49BW5WNQmmccJkNyBYk&#038;_nc_zt=24&#038;_nc_ht=scontent-xxb1-1.xx&#038;edm=AJdBtusEAAAA&#038;_nc_gid=jNQthZ4vxf8DG_CtYd99JQ&#038;_nc_tpa=Q5bMBQFyDuH2ldZJio-Nb0ffSFjkqWoyRQ3p70mJ1RyCZL9YtPrW2fbbhZOgkZwfrsez4fvq15JXQBGAhg&#038;oh=00_Af5r1hrsIWTgai3Q5f1iyF0KD0oZqdGy1pEdDewC35tZCg&#038;oe=69FABD76\"><\/a>\n\t\t\t\t<\/div>\n\t\t\t\t\t\t<div class=\"cff-header-text\" >\n\n\t\t\t\t\t\t\t<a href=\"https:\/\/www.facebook.com\/394533904077206\" target=\"_blank\" rel=\"nofollow noopener\" title=\"Tauchgemeinschaft Papenburg 1979 e.V.\" class=\"cff-header-name\"><h3 style=\"font-size:inheritpx;\">Tauchgemeinschaft Papenburg 1979 e.V.<\/h3><\/a>\n\t\t\t\t\t\t\t\t\t\t\t\t\t<p class=\"cff-bio\">Immer einen Flossenschlag voraus!<\/p>\n\t\t\t\t\t\t<\/div>\n\t\t<\/div>\n\t<\/div>\n<div class=\"cff-wrapper-ctn \" ><div id=\"cff\"  class=\"cff cff-list-container  cff-default-styles  cff-mob-cols-1 cff-tab-cols-1\"   style=\"width:100%;\"   data-char=\"400\"  data-cff-flags=\"gdpr\" ><div class=\"cff-posts-wrap\"><div id=\"cff_394533904077206_1652697430189420\" class=\"cff-item cff-photo-post author-tauchgemeinschaft-papenburg-1979-e-v-\"  style=\"border-bottom: 1px solid #ddd;\">\n\t<div class=\"cff-author\">\n\t<div class=\"cff-author-text\">\n\t\t\t\t\t<div class=\"cff-page-name cff-author-date\" >\n\t\t\t\t<a href=\"https:\/\/facebook.com\/394533904077206\" target=\"_blank\" rel=\"nofollow noopener\" >Tauchgemeinschaft Papenburg 1979 e.V.<\/a>\n\t\t\t\t<span class=\"cff-story\">  ist hier: Jugendherberge Hannover International.<\/span>\n\t\t\t<\/div>\n\t\t\t\n<p class=\"cff-date\" > 6 days ago <\/p>\n\t\t\t<\/div>\n\t<div class=\"cff-author-img  cff-no-consent\" data-avatar=\"https:\/\/scontent-xxb1-1.xx.fbcdn.net\/v\/t39.30808-1\/317486134_597879682337872_2149860427101487280_n.jpg?stp=cp0_dst-jpg_s50x50_tt6&#038;_nc_cat=102&#038;ccb=1-7&#038;_nc_sid=f907e8&#038;_nc_ohc=deijueWo71cQ7kNvwGgk4xe&#038;_nc_oc=AdosyC_xgTFM-xOB5T6LL2EhO-g71_6ltvOZHjdUM0p-KHKO49BW5WNQmmccJkNyBYk&#038;_nc_zt=24&#038;_nc_ht=scontent-xxb1-1.xx&#038;edm=AKIiGfEEAAAA&#038;_nc_gid=zJStbwQzp8PVlnzVi0ZZlA&#038;_nc_tpa=Q5bMBQElk45aujW62hmbpGQ-iSsPrSZQwuUd35oWfoGpzCMfdlaMkz9k65i8xwElP1iEwSuK1UpGIbKthw&#038;oh=00_Af5kRIYDYJBtGA5QN0-KZfcEDdVupdM8FvkavCBtKJne1A&#038;oe=69FABD76\">\n\t\t<a href=\"https:\/\/facebook.com\/394533904077206\" target=\"_blank\" rel=\"nofollow noopener\" ><img decoding=\"async\" src=\"https:\/\/tgp-papenburg.de\/wp-content\/plugins\/custom-facebook-feed\/\/assets\/img\/placeholder.png\" title=\"Tauchgemeinschaft Papenburg 1979 e.V.\" alt=\"Tauchgemeinschaft Papenburg 1979 e.V.\" width=40 height=40 onerror=\"this.style.display='none'\"><\/a>\n\t<\/div>\n<\/div>\n\n<div class=\"cff-post-text\" >\n\t<span class=\"cff-text\" data-color=\"\">\n\t\tAn diesem Wochenende haben drei von unseren Ausbildern die Theoriepr\u00fcfung zu ihrem Ausbilderupgrade erfolgreich bestanden.<img class=\"cff-linebreak\" \/><img class=\"cff-linebreak\" \/>Wir gratulieren<img class=\"cff-linebreak\" \/>Tatjana zu ihrem Trainer C Apnoe,<img class=\"cff-linebreak\" \/> Christoph zur TL ** Theoriepr\u00fcfung und<img class=\"cff-linebreak\" \/>Dirk ebenfalls zur TL ** Theoriepr\u00fcfung.<img class=\"cff-linebreak\" \/><img class=\"cff-linebreak\" \/>Herzlichen Gl\u00fcckwunsch zur bestandenen Pr\u00fcfung \ud83d\ude0a<img class=\"cff-linebreak\" \/><img class=\"cff-linebreak\" \/>Der erste Teil zum VDST Tauchlehrer ** ist geschafft, jetzt folgt die Praxis \ud83d\udcaa\ud83c\udffb\t\t\t<\/span>\n\t<span class=\"cff-expand\">... <a href=\"#\" style=\"color: #\"><span class=\"cff-more\">See More<\/span><span class=\"cff-less\">See Less<\/span><\/a><\/span>\n\n<\/div>\n\n<p class=\"cff-media-link\">\n\t<a href=\"https:\/\/www.facebook.com\/photo.php?fbid=1652697410189422&#038;set=a.136922955100216&#038;type=3\" target=\"_blank\" style=\"color: #\">\n\t\t<span style=\"padding-right: 5px;\" class=\"fa fas fa-picture-o fa-image\"><\/span>Photo\t<\/a>\n<\/p>\n\t\t<div class=\"cff-post-links\">\n\t\t\t\t\t<a class=\"cff-viewpost-facebook\" href=\"https:\/\/www.facebook.com\/photo.php?fbid=1652697410189422&#038;set=a.136922955100216&#038;type=3\" title=\"View on Facebook\" target=\"_blank\" rel=\"nofollow noopener\" >View on Facebook<\/a>\n\t\t\t\t\t\t\t<div class=\"cff-share-container\">\n\t\t\t\t\t\t\t\t\t<span class=\"cff-dot\" >&middot;<\/span>\n\t\t\t\t\t\t\t\t<a class=\"cff-share-link\" href=\"https:\/\/www.facebook.com\/sharer\/sharer.php?u=https%3A%2F%2Fwww.facebook.com%2Fphoto.php%3Ffbid%3D1652697410189422%26amp%3Bset%3Da.136922955100216%26amp%3Btype%3D3\" title=\"Share\" >Share<\/a>\n\t\t\t\t<p class=\"cff-share-tooltip\">\n\t\t\t\t\t\t\t\t\t\t\t<a href=\"https:\/\/www.facebook.com\/sharer\/sharer.php?u=https%3A%2F%2Fwww.facebook.com%2Fphoto.php%3Ffbid%3D1652697410189422%26amp%3Bset%3Da.136922955100216%26amp%3Btype%3D3\" target=\"_blank\" rel=\"noopener noreferrer\" class=\"cff-facebook-icon\">\n\t\t\t\t\t\t\t<span class=\"fa fab fa-facebook-square\" aria-hidden=\"true\"><\/span>\n\t\t\t\t\t\t\t<span class=\"cff-screenreader\">Auf Facebook teilen<\/span>\n\t\t\t\t\t\t<\/a>\n\t\t\t\t\t\t\t\t\t\t\t<a href=\"https:\/\/twitter.com\/intent\/tweet?text=https%3A%2F%2Fwww.facebook.com%2Fphoto.php%3Ffbid%3D1652697410189422%26amp%3Bset%3Da.136922955100216%26amp%3Btype%3D3\" target=\"_blank\" rel=\"noopener noreferrer\" class=\"cff-twitter-icon\">\n\t\t\t\t\t\t\t<span class=\"fa fab fa-twitter\" aria-hidden=\"true\"><\/span>\n\t\t\t\t\t\t\t<span class=\"cff-screenreader\">Auf Twitter teilen<\/span>\n\t\t\t\t\t\t<\/a>\n\t\t\t\t\t\t\t\t\t\t\t<a href=\"https:\/\/www.linkedin.com\/shareArticle?mini=true&#038;url=https%3A%2F%2Fwww.facebook.com%2Fphoto.php%3Ffbid%3D1652697410189422%26amp%3Bset%3Da.136922955100216%26amp%3Btype%3D3&#038;title=%09%09%09An%20diesem%20Wochenende%20haben%20drei%20von%20unseren%20Ausbildern%20die%20Theoriepr%C3%BCfung%20zu%20ihrem%20Ausbilderupgrade%20erfolgreich%20bestanden.Wir%20gratulierenTatjana%20zu%20ihrem%20Trainer%20C%20Apnoe%2C%20Christoph%20zur%20TL%20%2A%2A%20Theoriepr%C3%BCfung%20undDirk%20ebenfalls%20zur%20TL%20%2A%2A%20Theoriepr%C3%BCfung.Herzlichen%20Gl%C3%BCckwunsch%20zur%20bestandenen%20Pr%C3%BCfung%20%F0%9F%98%8ADer%20erste%20Teil%20zum%20VDST%20Tauchlehrer%20%2A%2A%20ist%20geschafft%2C%20jetzt%20folgt%20die%20Praxis%20%F0%9F%92%AA%F0%9F%8F%BB%09%09%09%09\" target=\"_blank\" rel=\"noopener noreferrer\" class=\"cff-linkedin-icon\">\n\t\t\t\t\t\t\t<span class=\"fa fab fa-linkedin\" aria-hidden=\"true\"><\/span>\n\t\t\t\t\t\t\t<span class=\"cff-screenreader\">Auf LinkedIn teilen<\/span>\n\t\t\t\t\t\t<\/a>\n\t\t\t\t\t\t\t\t\t\t\t<a href=\"mailto:?subject=Facebook&#038;body=https%3A%2F%2Fwww.facebook.com%2Fphoto.php%3Ffbid%3D1652697410189422%26amp%3Bset%3Da.136922955100216%26amp%3Btype%3D3%20-%20%0A%0A%09%0A%09%09An%20diesem%20Wochenende%20haben%20drei%20von%20unseren%20Ausbildern%20die%20Theoriepr%C3%BCfung%20zu%20ihrem%20Ausbilderupgrade%20erfolgreich%20bestanden.Wir%20gratulierenTatjana%20zu%20ihrem%20Trainer%20C%20Apnoe%2C%20Christoph%20zur%20TL%20%2A%2A%20Theoriepr%C3%BCfung%20undDirk%20ebenfalls%20zur%20TL%20%2A%2A%20Theoriepr%C3%BCfung.Herzlichen%20Gl%C3%BCckwunsch%20zur%20bestandenen%20Pr%C3%BCfung%20%F0%9F%98%8ADer%20erste%20Teil%20zum%20VDST%20Tauchlehrer%20%2A%2A%20ist%20geschafft%2C%20jetzt%20folgt%20die%20Praxis%20%F0%9F%92%AA%F0%9F%8F%BB%09%09%09%0A%09\" target=\"_blank\" rel=\"noopener noreferrer\" class=\"cff-email-icon\">\n\t\t\t\t\t\t\t<span class=\"fa fab fa-envelope\" aria-hidden=\"true\"><\/span>\n\t\t\t\t\t\t\t<span class=\"cff-screenreader\">Per E-Mail teilen<\/span>\n\t\t\t\t\t\t<\/a>\n\t\t\t\t\t\t\t\t\t<\/p>\n\t\t\t<\/div>\n\t\t\t<\/div>\n\t<\/div>\n\n\n\n<div id=\"cff_394533904077206_1644916424300854\" class=\"cff-item cff-video-post author-tauchgemeinschaft-papenburg-1979-e-v-\"  style=\"border-bottom: 1px solid #ddd;\">\n\t<div class=\"cff-author\">\n\t<div class=\"cff-author-text\">\n\t\t\t\t\t<div class=\"cff-page-name cff-author-date\" >\n\t\t\t\t<a href=\"https:\/\/facebook.com\/394533904077206\" target=\"_blank\" rel=\"nofollow noopener\" >Tauchgemeinschaft Papenburg 1979 e.V.<\/a>\n\t\t\t\t<span class=\"cff-story\">  ist in Papenburg.<\/span>\n\t\t\t<\/div>\n\t\t\t\n<p class=\"cff-date\" > 2 weeks ago <\/p>\n\t\t\t<\/div>\n\t<div class=\"cff-author-img  cff-no-consent\" data-avatar=\"https:\/\/scontent-xxb1-1.xx.fbcdn.net\/v\/t39.30808-1\/317486134_597879682337872_2149860427101487280_n.jpg?stp=cp0_dst-jpg_s50x50_tt6&#038;_nc_cat=102&#038;ccb=1-7&#038;_nc_sid=f907e8&#038;_nc_ohc=deijueWo71cQ7kNvwGgk4xe&#038;_nc_oc=AdosyC_xgTFM-xOB5T6LL2EhO-g71_6ltvOZHjdUM0p-KHKO49BW5WNQmmccJkNyBYk&#038;_nc_zt=24&#038;_nc_ht=scontent-xxb1-1.xx&#038;edm=AKIiGfEEAAAA&#038;_nc_gid=zJStbwQzp8PVlnzVi0ZZlA&#038;_nc_tpa=Q5bMBQElk45aujW62hmbpGQ-iSsPrSZQwuUd35oWfoGpzCMfdlaMkz9k65i8xwElP1iEwSuK1UpGIbKthw&#038;oh=00_Af5kRIYDYJBtGA5QN0-KZfcEDdVupdM8FvkavCBtKJne1A&#038;oe=69FABD76\">\n\t\t<a href=\"https:\/\/facebook.com\/394533904077206\" target=\"_blank\" rel=\"nofollow noopener\" ><img decoding=\"async\" src=\"https:\/\/tgp-papenburg.de\/wp-content\/plugins\/custom-facebook-feed\/\/assets\/img\/placeholder.png\" title=\"Tauchgemeinschaft Papenburg 1979 e.V.\" alt=\"Tauchgemeinschaft Papenburg 1979 e.V.\" width=40 height=40 onerror=\"this.style.display='none'\"><\/a>\n\t<\/div>\n<\/div>\n\n<div class=\"cff-post-text\" >\n\t<span class=\"cff-text\" data-color=\"\">\n\t\tGestern fand unsere Mitgliederversammlung in unserem sch\u00f6nen Vereinsheim statt \u2013 und wir freuen uns sehr, dass 43 Mitglieder dabei waren \ud83d\ude4c<img class=\"cff-linebreak\" \/><img class=\"cff-linebreak\" \/>Unsere Vorstandsposten haben ihre Jahresberichte vorgestellt und einen Einblick in die vergangene Zeit gegeben. Besonders sch\u00f6n waren die vielen Ehrungen \u2013 darunter auch die Ehrung f\u00fcr 40 Jahre Mitgliedschaft \ud83d\udc4f<img class=\"cff-linebreak\" \/><img class=\"cff-linebreak\" \/>Es war eine rundum gelungene Veranstaltung mit tollen Gespr\u00e4chen, viel Wertsch\u00e4tzung und einem starken Gemeinschaftsgef\u00fchl.<img class=\"cff-linebreak\" \/><img class=\"cff-linebreak\" \/>Wir sind stolz auf unsere Mitglieder \u2013 ihr seid einfach gro\u00dfartig \u2764\ufe0f\t\t\t<\/span>\n\t<span class=\"cff-expand\">... <a href=\"#\" style=\"color: #\"><span class=\"cff-more\">See More<\/span><span class=\"cff-less\">See Less<\/span><\/a><\/span>\n\n<\/div>\n\n<p class=\"cff-media-link\">\n\t<a href=\"https:\/\/www.facebook.com\/394533904077206\/posts\/1644916424300854\" target=\"_blank\" style=\"color: #\">\n\t\t<span style=\"padding-right: 5px;\" class=\"fa fas fa-video-camera fa-video\"><\/span>Video\t<\/a>\n<\/p>\n\t\t<div class=\"cff-post-links\">\n\t\t\t\t\t<a class=\"cff-viewpost-facebook\" href=\"https:\/\/www.facebook.com\/394533904077206\/posts\/1644916424300854\" title=\"View on Facebook\" target=\"_blank\" rel=\"nofollow noopener\" >View on Facebook<\/a>\n\t\t\t\t\t\t\t<div class=\"cff-share-container\">\n\t\t\t\t\t\t\t\t\t<span class=\"cff-dot\" >&middot;<\/span>\n\t\t\t\t\t\t\t\t<a class=\"cff-share-link\" href=\"https:\/\/www.facebook.com\/sharer\/sharer.php?u=https%3A%2F%2Fwww.facebook.com%2F394533904077206%2Fposts%2F1644916424300854\" title=\"Share\" >Share<\/a>\n\t\t\t\t<p class=\"cff-share-tooltip\">\n\t\t\t\t\t\t\t\t\t\t\t<a href=\"https:\/\/www.facebook.com\/sharer\/sharer.php?u=https%3A%2F%2Fwww.facebook.com%2F394533904077206%2Fposts%2F1644916424300854\" target=\"_blank\" rel=\"noopener noreferrer\" class=\"cff-facebook-icon\">\n\t\t\t\t\t\t\t<span class=\"fa fab fa-facebook-square\" aria-hidden=\"true\"><\/span>\n\t\t\t\t\t\t\t<span class=\"cff-screenreader\">Auf Facebook teilen<\/span>\n\t\t\t\t\t\t<\/a>\n\t\t\t\t\t\t\t\t\t\t\t<a href=\"https:\/\/twitter.com\/intent\/tweet?text=https%3A%2F%2Fwww.facebook.com%2F394533904077206%2Fposts%2F1644916424300854\" target=\"_blank\" rel=\"noopener noreferrer\" class=\"cff-twitter-icon\">\n\t\t\t\t\t\t\t<span class=\"fa fab fa-twitter\" aria-hidden=\"true\"><\/span>\n\t\t\t\t\t\t\t<span class=\"cff-screenreader\">Auf Twitter teilen<\/span>\n\t\t\t\t\t\t<\/a>\n\t\t\t\t\t\t\t\t\t\t\t<a href=\"https:\/\/www.linkedin.com\/shareArticle?mini=true&#038;url=https%3A%2F%2Fwww.facebook.com%2F394533904077206%2Fposts%2F1644916424300854&#038;title=%09%09%09Gestern%20fand%20unsere%20Mitgliederversammlung%20in%20unserem%20sch%C3%B6nen%20Vereinsheim%20statt%20%E2%80%93%20und%20wir%20freuen%20uns%20sehr%2C%20dass%2043%20Mitglieder%20dabei%20waren%20%F0%9F%99%8CUnsere%20Vorstandsposten%20haben%20ihre%20Jahresberichte%20vorgestellt%20und%20einen%20Einblick%20in%20die%20vergangene%20Zeit%20gegeben.%20Besonders%20sch%C3%B6n%20waren%20die%20vielen%20Ehrungen%20%E2%80%93%20darunter%20auch%20die%20Ehrung%20f%C3%BCr%2040%20Jahre%20Mitgliedschaft%20%F0%9F%91%8FEs%20war%20eine%20rundum%20gelungene%20Veranstaltung%20mit%20tollen%20Gespr%C3%A4chen%2C%20viel%20Wertsch%C3%A4tzung%20und%20einem%20starken%20Gemeinschaftsgef%C3%BChl.Wir%20sind%20stolz%20auf%20unsere%20Mitglieder%20%E2%80%93%20ihr%20seid%20einfach%20gro%C3%9Fartig%20%E2%9D%A4%EF%B8%8F%09%09%09%09\" target=\"_blank\" rel=\"noopener noreferrer\" class=\"cff-linkedin-icon\">\n\t\t\t\t\t\t\t<span class=\"fa fab fa-linkedin\" aria-hidden=\"true\"><\/span>\n\t\t\t\t\t\t\t<span class=\"cff-screenreader\">Auf LinkedIn teilen<\/span>\n\t\t\t\t\t\t<\/a>\n\t\t\t\t\t\t\t\t\t\t\t<a href=\"mailto:?subject=Facebook&#038;body=https%3A%2F%2Fwww.facebook.com%2F394533904077206%2Fposts%2F1644916424300854%20-%20%0A%0A%09%0A%09%09Gestern%20fand%20unsere%20Mitgliederversammlung%20in%20unserem%20sch%C3%B6nen%20Vereinsheim%20statt%20%E2%80%93%20und%20wir%20freuen%20uns%20sehr%2C%20dass%2043%20Mitglieder%20dabei%20waren%20%F0%9F%99%8CUnsere%20Vorstandsposten%20haben%20ihre%20Jahresberichte%20vorgestellt%20und%20einen%20Einblick%20in%20die%20vergangene%20Zeit%20gegeben.%20Besonders%20sch%C3%B6n%20waren%20die%20vielen%20Ehrungen%20%E2%80%93%20darunter%20auch%20die%20Ehrung%20f%C3%BCr%2040%20Jahre%20Mitgliedschaft%20%F0%9F%91%8FEs%20war%20eine%20rundum%20gelungene%20Veranstaltung%20mit%20tollen%20Gespr%C3%A4chen%2C%20viel%20Wertsch%C3%A4tzung%20und%20einem%20starken%20Gemeinschaftsgef%C3%BChl.Wir%20sind%20stolz%20auf%20unsere%20Mitglieder%20%E2%80%93%20ihr%20seid%20einfach%20gro%C3%9Fartig%20%E2%9D%A4%EF%B8%8F%09%09%09%0A%09\" target=\"_blank\" rel=\"noopener noreferrer\" class=\"cff-email-icon\">\n\t\t\t\t\t\t\t<span class=\"fa fab fa-envelope\" aria-hidden=\"true\"><\/span>\n\t\t\t\t\t\t\t<span class=\"cff-screenreader\">Per E-Mail teilen<\/span>\n\t\t\t\t\t\t<\/a>\n\t\t\t\t\t\t\t\t\t<\/p>\n\t\t\t<\/div>\n\t\t\t<\/div>\n\t<\/div>\n\n\n\n<div id=\"cff_394533904077206_1625662626226234\" class=\"cff-item cff-link-item author-tauchgemeinschaft-papenburg-1979-e-v-\"  style=\"border-bottom: 1px solid #ddd;\">\n\t<div class=\"cff-author\">\n\t<div class=\"cff-author-text\">\n\t\t\t\t\t<div class=\"cff-page-name cff-author-date\" >\n\t\t\t\t<a href=\"https:\/\/facebook.com\/394533904077206\" target=\"_blank\" rel=\"nofollow noopener\" >Tauchgemeinschaft Papenburg 1979 e.V.<\/a>\n\t\t\t\t<span class=\"cff-story\">  hat seinen\/ihren Status aktualisiert.<\/span>\n\t\t\t<\/div>\n\t\t\t\n<p class=\"cff-date\" > 1 month ago <\/p>\n\t\t\t<\/div>\n\t<div class=\"cff-author-img  cff-no-consent\" data-avatar=\"https:\/\/scontent-xxb1-1.xx.fbcdn.net\/v\/t39.30808-1\/317486134_597879682337872_2149860427101487280_n.jpg?stp=cp0_dst-jpg_s50x50_tt6&#038;_nc_cat=102&#038;ccb=1-7&#038;_nc_sid=f907e8&#038;_nc_ohc=deijueWo71cQ7kNvwGgk4xe&#038;_nc_oc=AdosyC_xgTFM-xOB5T6LL2EhO-g71_6ltvOZHjdUM0p-KHKO49BW5WNQmmccJkNyBYk&#038;_nc_zt=24&#038;_nc_ht=scontent-xxb1-1.xx&#038;edm=AKIiGfEEAAAA&#038;_nc_gid=zJStbwQzp8PVlnzVi0ZZlA&#038;_nc_tpa=Q5bMBQElk45aujW62hmbpGQ-iSsPrSZQwuUd35oWfoGpzCMfdlaMkz9k65i8xwElP1iEwSuK1UpGIbKthw&#038;oh=00_Af5kRIYDYJBtGA5QN0-KZfcEDdVupdM8FvkavCBtKJne1A&#038;oe=69FABD76\">\n\t\t<a href=\"https:\/\/facebook.com\/394533904077206\" target=\"_blank\" rel=\"nofollow noopener\" ><img decoding=\"async\" src=\"https:\/\/tgp-papenburg.de\/wp-content\/plugins\/custom-facebook-feed\/\/assets\/img\/placeholder.png\" title=\"Tauchgemeinschaft Papenburg 1979 e.V.\" alt=\"Tauchgemeinschaft Papenburg 1979 e.V.\" width=40 height=40 onerror=\"this.style.display='none'\"><\/a>\n\t<\/div>\n<\/div>\n\n<div class=\"cff-shared-link \" >\n\t<div class=\"cff-text-link cff-no-image\">\n\t\t\t\t\t<p class=\"cff-link-title\" >\n\t\t\t\t<a href=\"https:\/\/facebook.com\/394533904077206\" target=\"_blank\"  rel=\"nofollow noopener noreferrer\" style=\"color:#;\">Dieser Inhalt ist momentan nicht verf\u00fcgbar<\/a>\n\t\t\t<\/p>\n\t\t\n\t\t\n\t\t\t\t\t<span class=\"cff-post-desc\" >Dies passiert, wenn der Eigent\u00fcmer den Beitrag nur mit einer kleinen Personengruppe teilt oder er ge\u00e4ndert hat, wer ihn sehen kann. Es kann auch sein, dass der Content inzwischen gel\u00f6scht wurde.<\/span>\n\t\t\t\t\n\t<\/div>\n<\/div>\n\n\t<div class=\"cff-post-links\">\n\t\t\t\t\t<a class=\"cff-viewpost-facebook\" href=\"https:\/\/www.facebook.com\/394533904077206\/posts\/1625662626226234\" title=\"View on Facebook\" target=\"_blank\" rel=\"nofollow noopener\" >View on Facebook<\/a>\n\t\t\t\t\t\t\t<div class=\"cff-share-container\">\n\t\t\t\t\t\t\t\t\t<span class=\"cff-dot\" >&middot;<\/span>\n\t\t\t\t\t\t\t\t<a class=\"cff-share-link\" href=\"https:\/\/www.facebook.com\/sharer\/sharer.php?u=https%3A%2F%2Fwww.facebook.com%2F394533904077206%2Fposts%2F1625662626226234\" title=\"Share\" >Share<\/a>\n\t\t\t\t<p class=\"cff-share-tooltip\">\n\t\t\t\t\t\t\t\t\t\t\t<a href=\"https:\/\/www.facebook.com\/sharer\/sharer.php?u=https%3A%2F%2Fwww.facebook.com%2F394533904077206%2Fposts%2F1625662626226234\" target=\"_blank\" rel=\"noopener noreferrer\" class=\"cff-facebook-icon\">\n\t\t\t\t\t\t\t<span class=\"fa fab fa-facebook-square\" aria-hidden=\"true\"><\/span>\n\t\t\t\t\t\t\t<span class=\"cff-screenreader\">Auf Facebook teilen<\/span>\n\t\t\t\t\t\t<\/a>\n\t\t\t\t\t\t\t\t\t\t\t<a href=\"https:\/\/twitter.com\/intent\/tweet?text=https%3A%2F%2Fwww.facebook.com%2F394533904077206%2Fposts%2F1625662626226234\" target=\"_blank\" rel=\"noopener noreferrer\" class=\"cff-twitter-icon\">\n\t\t\t\t\t\t\t<span class=\"fa fab fa-twitter\" aria-hidden=\"true\"><\/span>\n\t\t\t\t\t\t\t<span class=\"cff-screenreader\">Auf Twitter teilen<\/span>\n\t\t\t\t\t\t<\/a>\n\t\t\t\t\t\t\t\t\t\t\t<a href=\"https:\/\/www.linkedin.com\/shareArticle?mini=true&#038;url=https%3A%2F%2Fwww.facebook.com%2F394533904077206%2Fposts%2F1625662626226234&#038;title=\" target=\"_blank\" rel=\"noopener noreferrer\" class=\"cff-linkedin-icon\">\n\t\t\t\t\t\t\t<span class=\"fa fab fa-linkedin\" aria-hidden=\"true\"><\/span>\n\t\t\t\t\t\t\t<span class=\"cff-screenreader\">Auf LinkedIn teilen<\/span>\n\t\t\t\t\t\t<\/a>\n\t\t\t\t\t\t\t\t\t\t\t<a href=\"mailto:?subject=Facebook&#038;body=https%3A%2F%2Fwww.facebook.com%2F394533904077206%2Fposts%2F1625662626226234%20-%20\" target=\"_blank\" rel=\"noopener noreferrer\" class=\"cff-email-icon\">\n\t\t\t\t\t\t\t<span class=\"fa fab fa-envelope\" aria-hidden=\"true\"><\/span>\n\t\t\t\t\t\t\t<span class=\"cff-screenreader\">Per E-Mail teilen<\/span>\n\t\t\t\t\t\t<\/a>\n\t\t\t\t\t\t\t\t\t<\/p>\n\t\t\t<\/div>\n\t\t\t<\/div>\n\t<\/div>\n\n\n\n<div id=\"cff_394533904077206_1615576887234808\" class=\"cff-item cff-link-item author-tauchgemeinschaft-papenburg-1979-e-v-\"  style=\"border-bottom: 1px solid #ddd;\">\n\t<div class=\"cff-author\">\n\t<div class=\"cff-author-text\">\n\t\t\t\t\t<div class=\"cff-page-name cff-author-date\" >\n\t\t\t\t<a href=\"https:\/\/facebook.com\/394533904077206\" target=\"_blank\" rel=\"nofollow noopener\" >Tauchgemeinschaft Papenburg 1979 e.V.<\/a>\n\t\t\t\t<span class=\"cff-story\">  hat seinen\/ihren Status aktualisiert.<\/span>\n\t\t\t<\/div>\n\t\t\t\n<p class=\"cff-date\" > 2 months ago <\/p>\n\t\t\t<\/div>\n\t<div class=\"cff-author-img  cff-no-consent\" data-avatar=\"https:\/\/scontent-xxb1-1.xx.fbcdn.net\/v\/t39.30808-1\/317486134_597879682337872_2149860427101487280_n.jpg?stp=cp0_dst-jpg_s50x50_tt6&#038;_nc_cat=102&#038;ccb=1-7&#038;_nc_sid=f907e8&#038;_nc_ohc=deijueWo71cQ7kNvwGgk4xe&#038;_nc_oc=AdosyC_xgTFM-xOB5T6LL2EhO-g71_6ltvOZHjdUM0p-KHKO49BW5WNQmmccJkNyBYk&#038;_nc_zt=24&#038;_nc_ht=scontent-xxb1-1.xx&#038;edm=AKIiGfEEAAAA&#038;_nc_gid=zJStbwQzp8PVlnzVi0ZZlA&#038;_nc_tpa=Q5bMBQElk45aujW62hmbpGQ-iSsPrSZQwuUd35oWfoGpzCMfdlaMkz9k65i8xwElP1iEwSuK1UpGIbKthw&#038;oh=00_Af5kRIYDYJBtGA5QN0-KZfcEDdVupdM8FvkavCBtKJne1A&#038;oe=69FABD76\">\n\t\t<a href=\"https:\/\/facebook.com\/394533904077206\" target=\"_blank\" rel=\"nofollow noopener\" ><img decoding=\"async\" src=\"https:\/\/tgp-papenburg.de\/wp-content\/plugins\/custom-facebook-feed\/\/assets\/img\/placeholder.png\" title=\"Tauchgemeinschaft Papenburg 1979 e.V.\" alt=\"Tauchgemeinschaft Papenburg 1979 e.V.\" width=40 height=40 onerror=\"this.style.display='none'\"><\/a>\n\t<\/div>\n<\/div>\n\n<div class=\"cff-shared-link \" >\n\t<div class=\"cff-text-link cff-no-image\">\n\t\t\t\t\t<p class=\"cff-link-title\" >\n\t\t\t\t<a href=\"https:\/\/facebook.com\/394533904077206\" target=\"_blank\"  rel=\"nofollow noopener noreferrer\" style=\"color:#;\">Dieser Inhalt ist momentan nicht verf\u00fcgbar<\/a>\n\t\t\t<\/p>\n\t\t\n\t\t\n\t\t\t\t\t<span class=\"cff-post-desc\" >Dies passiert, wenn der Eigent\u00fcmer den Beitrag nur mit einer kleinen Personengruppe teilt oder er ge\u00e4ndert hat, wer ihn sehen kann. Es kann auch sein, dass der Content inzwischen gel\u00f6scht wurde.<\/span>\n\t\t\t\t\n\t<\/div>\n<\/div>\n\n\t<div class=\"cff-post-links\">\n\t\t\t\t\t<a class=\"cff-viewpost-facebook\" href=\"https:\/\/www.facebook.com\/394533904077206\/posts\/1615576887234808\" title=\"View on Facebook\" target=\"_blank\" rel=\"nofollow noopener\" >View on Facebook<\/a>\n\t\t\t\t\t\t\t<div class=\"cff-share-container\">\n\t\t\t\t\t\t\t\t\t<span class=\"cff-dot\" >&middot;<\/span>\n\t\t\t\t\t\t\t\t<a class=\"cff-share-link\" href=\"https:\/\/www.facebook.com\/sharer\/sharer.php?u=https%3A%2F%2Fwww.facebook.com%2F394533904077206%2Fposts%2F1615576887234808\" title=\"Share\" >Share<\/a>\n\t\t\t\t<p class=\"cff-share-tooltip\">\n\t\t\t\t\t\t\t\t\t\t\t<a href=\"https:\/\/www.facebook.com\/sharer\/sharer.php?u=https%3A%2F%2Fwww.facebook.com%2F394533904077206%2Fposts%2F1615576887234808\" target=\"_blank\" rel=\"noopener noreferrer\" class=\"cff-facebook-icon\">\n\t\t\t\t\t\t\t<span class=\"fa fab fa-facebook-square\" aria-hidden=\"true\"><\/span>\n\t\t\t\t\t\t\t<span class=\"cff-screenreader\">Auf Facebook teilen<\/span>\n\t\t\t\t\t\t<\/a>\n\t\t\t\t\t\t\t\t\t\t\t<a href=\"https:\/\/twitter.com\/intent\/tweet?text=https%3A%2F%2Fwww.facebook.com%2F394533904077206%2Fposts%2F1615576887234808\" target=\"_blank\" rel=\"noopener noreferrer\" class=\"cff-twitter-icon\">\n\t\t\t\t\t\t\t<span class=\"fa fab fa-twitter\" aria-hidden=\"true\"><\/span>\n\t\t\t\t\t\t\t<span class=\"cff-screenreader\">Auf Twitter teilen<\/span>\n\t\t\t\t\t\t<\/a>\n\t\t\t\t\t\t\t\t\t\t\t<a href=\"https:\/\/www.linkedin.com\/shareArticle?mini=true&#038;url=https%3A%2F%2Fwww.facebook.com%2F394533904077206%2Fposts%2F1615576887234808&#038;title=\" target=\"_blank\" rel=\"noopener noreferrer\" class=\"cff-linkedin-icon\">\n\t\t\t\t\t\t\t<span class=\"fa fab fa-linkedin\" aria-hidden=\"true\"><\/span>\n\t\t\t\t\t\t\t<span class=\"cff-screenreader\">Auf LinkedIn teilen<\/span>\n\t\t\t\t\t\t<\/a>\n\t\t\t\t\t\t\t\t\t\t\t<a href=\"mailto:?subject=Facebook&#038;body=https%3A%2F%2Fwww.facebook.com%2F394533904077206%2Fposts%2F1615576887234808%20-%20\" target=\"_blank\" rel=\"noopener noreferrer\" class=\"cff-email-icon\">\n\t\t\t\t\t\t\t<span class=\"fa fab fa-envelope\" aria-hidden=\"true\"><\/span>\n\t\t\t\t\t\t\t<span class=\"cff-screenreader\">Per E-Mail teilen<\/span>\n\t\t\t\t\t\t<\/a>\n\t\t\t\t\t\t\t\t\t<\/p>\n\t\t\t<\/div>\n\t\t\t<\/div>\n\t<\/div>\n\n\n\n<div id=\"cff_394533904077206_1606747274784436\" class=\"cff-item cff-video-post author-tauchgemeinschaft-papenburg-1979-e-v-\"  style=\"border-bottom: 1px solid #ddd;\">\n\t<div class=\"cff-author\">\n\t<div class=\"cff-author-text\">\n\t\t\t\t\t<div class=\"cff-page-name cff-author-date\" >\n\t\t\t\t<a href=\"https:\/\/facebook.com\/394533904077206\" target=\"_blank\" rel=\"nofollow noopener\" >Tauchgemeinschaft Papenburg 1979 e.V.<\/a>\n\t\t\t\t<span class=\"cff-story\">  ist in Papenburg.<\/span>\n\t\t\t<\/div>\n\t\t\t\n<p class=\"cff-date\" > 2 months ago <\/p>\n\t\t\t<\/div>\n\t<div class=\"cff-author-img  cff-no-consent\" data-avatar=\"https:\/\/scontent-xxb1-1.xx.fbcdn.net\/v\/t39.30808-1\/317486134_597879682337872_2149860427101487280_n.jpg?stp=cp0_dst-jpg_s50x50_tt6&#038;_nc_cat=102&#038;ccb=1-7&#038;_nc_sid=f907e8&#038;_nc_ohc=deijueWo71cQ7kNvwGgk4xe&#038;_nc_oc=AdosyC_xgTFM-xOB5T6LL2EhO-g71_6ltvOZHjdUM0p-KHKO49BW5WNQmmccJkNyBYk&#038;_nc_zt=24&#038;_nc_ht=scontent-xxb1-1.xx&#038;edm=AKIiGfEEAAAA&#038;_nc_gid=zJStbwQzp8PVlnzVi0ZZlA&#038;_nc_tpa=Q5bMBQElk45aujW62hmbpGQ-iSsPrSZQwuUd35oWfoGpzCMfdlaMkz9k65i8xwElP1iEwSuK1UpGIbKthw&#038;oh=00_Af5kRIYDYJBtGA5QN0-KZfcEDdVupdM8FvkavCBtKJne1A&#038;oe=69FABD76\">\n\t\t<a href=\"https:\/\/facebook.com\/394533904077206\" target=\"_blank\" rel=\"nofollow noopener\" ><img decoding=\"async\" src=\"https:\/\/tgp-papenburg.de\/wp-content\/plugins\/custom-facebook-feed\/\/assets\/img\/placeholder.png\" title=\"Tauchgemeinschaft Papenburg 1979 e.V.\" alt=\"Tauchgemeinschaft Papenburg 1979 e.V.\" width=40 height=40 onerror=\"this.style.display='none'\"><\/a>\n\t<\/div>\n<\/div>\n\n<div class=\"cff-post-text\" >\n\t<span class=\"cff-text\" data-color=\"\">\n\t\t\ud83c\udf0d Umwelttag 2026 \u2013 Gemeinsam f\u00fcr eine saubere Umwelt!<img class=\"cff-linebreak\" \/><img class=\"cff-linebreak\" \/>Heute haben wir mit vielen engagierten Mitgliedern am Umwelttag 2026 teilgenommen. \ud83d\udcaa\u267b\ufe0f<img class=\"cff-linebreak\" \/>Ausger\u00fcstet mit Handschuhen, S\u00e4cken und viel Motivation haben wir unsere Umgebung von M\u00fcll befreit.<img class=\"cff-linebreak\" \/><img class=\"cff-linebreak\" \/>Leider kommt dabei immer einiges zusammen \u2013 aber gemeinsam k\u00f6nnen wir etwas ver\u00e4ndern!<img class=\"cff-linebreak\" \/><img class=\"cff-linebreak\" \/>Ein gro\u00dfes Dankesch\u00f6n an alle Helferinnen und Helfer, die heute dabei waren und ihre Zeit f\u00fcr unsere Umwelt eingesetzt haben. \ud83d\ude4c\ud83c\udf31<img class=\"cff-linebreak\" \/><img class=\"cff-linebreak\" \/><a href=\"https:\/\/facebook.com\/25703038182648956\">#umwelttag2026<\/a> <a href=\"https:\/\/facebook.com\/137580659774296\">#gemeinsamstark<\/a> <a href=\"https:\/\/facebook.com\/515663981841689\">#f\u00fcrdieumwelt<\/a> <a href=\"https:\/\/facebook.com\/602898899746599\">#sauberenatur<\/a> <a href=\"https:\/\/facebook.com\/1832573093484421\">#tauchgemeinschaftpapenburg<\/a><img class=\"cff-linebreak\" \/><img class=\"cff-linebreak\" \/>@stadt_papenburg\t\t\t<\/span>\n\t<span class=\"cff-expand\">... <a href=\"#\" style=\"color: #\"><span class=\"cff-more\">See More<\/span><span class=\"cff-less\">See Less<\/span><\/a><\/span>\n\n<\/div>\n\n<p class=\"cff-media-link\">\n\t<a href=\"https:\/\/www.facebook.com\/394533904077206\/posts\/1606747274784436\" target=\"_blank\" style=\"color: #\">\n\t\t<span style=\"padding-right: 5px;\" class=\"fa fas fa-video-camera fa-video\"><\/span>Video\t<\/a>\n<\/p>\n\t\t<div class=\"cff-post-links\">\n\t\t\t\t\t<a class=\"cff-viewpost-facebook\" href=\"https:\/\/www.facebook.com\/394533904077206\/posts\/1606747274784436\" title=\"View on Facebook\" target=\"_blank\" rel=\"nofollow noopener\" >View on Facebook<\/a>\n\t\t\t\t\t\t\t<div class=\"cff-share-container\">\n\t\t\t\t\t\t\t\t\t<span class=\"cff-dot\" >&middot;<\/span>\n\t\t\t\t\t\t\t\t<a class=\"cff-share-link\" href=\"https:\/\/www.facebook.com\/sharer\/sharer.php?u=https%3A%2F%2Fwww.facebook.com%2F394533904077206%2Fposts%2F1606747274784436\" title=\"Share\" >Share<\/a>\n\t\t\t\t<p class=\"cff-share-tooltip\">\n\t\t\t\t\t\t\t\t\t\t\t<a href=\"https:\/\/www.facebook.com\/sharer\/sharer.php?u=https%3A%2F%2Fwww.facebook.com%2F394533904077206%2Fposts%2F1606747274784436\" target=\"_blank\" rel=\"noopener noreferrer\" class=\"cff-facebook-icon\">\n\t\t\t\t\t\t\t<span class=\"fa fab fa-facebook-square\" aria-hidden=\"true\"><\/span>\n\t\t\t\t\t\t\t<span class=\"cff-screenreader\">Auf Facebook teilen<\/span>\n\t\t\t\t\t\t<\/a>\n\t\t\t\t\t\t\t\t\t\t\t<a href=\"https:\/\/twitter.com\/intent\/tweet?text=https%3A%2F%2Fwww.facebook.com%2F394533904077206%2Fposts%2F1606747274784436\" target=\"_blank\" rel=\"noopener noreferrer\" class=\"cff-twitter-icon\">\n\t\t\t\t\t\t\t<span class=\"fa fab fa-twitter\" aria-hidden=\"true\"><\/span>\n\t\t\t\t\t\t\t<span class=\"cff-screenreader\">Auf Twitter teilen<\/span>\n\t\t\t\t\t\t<\/a>\n\t\t\t\t\t\t\t\t\t\t\t<a href=\"https:\/\/www.linkedin.com\/shareArticle?mini=true&#038;url=https%3A%2F%2Fwww.facebook.com%2F394533904077206%2Fposts%2F1606747274784436&#038;title=%09%09%09%F0%9F%8C%8D%20Umwelttag%202026%20%E2%80%93%20Gemeinsam%20f%C3%BCr%20eine%20saubere%20Umwelt%21Heute%20haben%20wir%20mit%20vielen%20engagierten%20Mitgliedern%20am%20Umwelttag%202026%20teilgenommen.%20%F0%9F%92%AA%E2%99%BB%EF%B8%8FAusger%C3%BCstet%20mit%20Handschuhen%2C%20S%C3%A4cken%20und%20viel%20Motivation%20haben%20wir%20unsere%20Umgebung%20von%20M%C3%BCll%20befreit.Leider%20kommt%20dabei%20immer%20einiges%20zusammen%20%E2%80%93%20aber%20gemeinsam%20k%C3%B6nnen%20wir%20etwas%20ver%C3%A4ndern%21Ein%20gro%C3%9Fes%20Dankesch%C3%B6n%20an%20alle%20Helferinnen%20und%20Helfer%2C%20die%20heute%20dabei%20waren%20und%20ihre%20Zeit%20f%C3%BCr%20unsere%20Umwelt%20eingesetzt%20haben.%20%F0%9F%99%8C%F0%9F%8C%B1%23umwelttag2026%20%23gemeinsamstark%20%23f%C3%BCrdieumwelt%20%23sauberenatur%20%23tauchgemeinschaftpapenburg%40stadt_papenburg%09%09%09%09\" target=\"_blank\" rel=\"noopener noreferrer\" class=\"cff-linkedin-icon\">\n\t\t\t\t\t\t\t<span class=\"fa fab fa-linkedin\" aria-hidden=\"true\"><\/span>\n\t\t\t\t\t\t\t<span class=\"cff-screenreader\">Auf LinkedIn teilen<\/span>\n\t\t\t\t\t\t<\/a>\n\t\t\t\t\t\t\t\t\t\t\t<a href=\"mailto:?subject=Facebook&#038;body=https%3A%2F%2Fwww.facebook.com%2F394533904077206%2Fposts%2F1606747274784436%20-%20%0A%0A%09%0A%09%09%F0%9F%8C%8D%20Umwelttag%202026%20%E2%80%93%20Gemeinsam%20f%C3%BCr%20eine%20saubere%20Umwelt%21Heute%20haben%20wir%20mit%20vielen%20engagierten%20Mitgliedern%20am%20Umwelttag%202026%20teilgenommen.%20%F0%9F%92%AA%E2%99%BB%EF%B8%8FAusger%C3%BCstet%20mit%20Handschuhen%2C%20S%C3%A4cken%20und%20viel%20Motivation%20haben%20wir%20unsere%20Umgebung%20von%20M%C3%BCll%20befreit.Leider%20kommt%20dabei%20immer%20einiges%20zusammen%20%E2%80%93%20aber%20gemeinsam%20k%C3%B6nnen%20wir%20etwas%20ver%C3%A4ndern%21Ein%20gro%C3%9Fes%20Dankesch%C3%B6n%20an%20alle%20Helferinnen%20und%20Helfer%2C%20die%20heute%20dabei%20waren%20und%20ihre%20Zeit%20f%C3%BCr%20unsere%20Umwelt%20eingesetzt%20haben.%20%F0%9F%99%8C%F0%9F%8C%B1%23umwelttag2026%20%23gemeinsamstark%20%23f%C3%BCrdieumwelt%20%23sauberenatur%20%23tauchgemeinschaftpapenburg%40stadt_papenburg%09%09%09%0A%09\" target=\"_blank\" rel=\"noopener noreferrer\" class=\"cff-email-icon\">\n\t\t\t\t\t\t\t<span class=\"fa fab fa-envelope\" aria-hidden=\"true\"><\/span>\n\t\t\t\t\t\t\t<span class=\"cff-screenreader\">Per E-Mail teilen<\/span>\n\t\t\t\t\t\t<\/a>\n\t\t\t\t\t\t\t\t\t<\/p>\n\t\t\t<\/div>\n\t\t\t<\/div>\n\t<\/div>\n\n\n\n\n<div class=\"cff-likebox cff-bottom\" >\n\t\t<iframe title=\"Likebox Iframe\" src=\"\" class=\"fb_iframe_widget\" data-likebox-id=\"394533904077206\" data-likebox-width=\"300\" data-likebox-header=\"\" data-hide-cover=\"\" data-hide-cta=\"\" data-likebox-faces=\"\" data-height=\"130\" data-locale=\"de_DE\" scrolling=\"no\" allowTransparency=\"true\" allow=\"encrypted-media\" ><\/iframe>\n<\/div>\n<\/div><input class=\"cff-pag-url\" type=\"hidden\" data-locatornonce=\"77a905c334\" data-cff-shortcode=\"{&quot;feed&quot;: &quot;2&quot;}\" data-post-id=\"4520\" data-feed-id=\"394533904077206\"><\/div><\/div><div class=\"cff-clear\"><\/div><\/div>\n","protected":false},"excerpt":{"rendered":"","protected":false},"author":1,"featured_media":0,"parent":0,"menu_order":0,"comment_status":"closed","ping_status":"closed","template":"","meta":{"ngg_post_thumbnail":0,"footnotes":""},"class_list":["post-4520","page","type-page","status-publish","hentry"],"_links":{"self":[{"href":"https:\/\/tgp-papenburg.de\/index.php?rest_route=\/wp\/v2\/pages\/4520","targetHints":{"allow":["GET"]}}],"collection":[{"href":"https:\/\/tgp-papenburg.de\/index.php?rest_route=\/wp\/v2\/pages"}],"about":[{"href":"https:\/\/tgp-papenburg.de\/index.php?rest_route=\/wp\/v2\/types\/page"}],"author":[{"embeddable":true,"href":"https:\/\/tgp-papenburg.de\/index.php?rest_route=\/wp\/v2\/users\/1"}],"replies":[{"embeddable":true,"href":"https:\/\/tgp-papenburg.de\/index.php?rest_route=%2Fwp%2Fv2%2Fcomments&post=4520"}],"version-history":[{"count":2,"href":"https:\/\/tgp-papenburg.de\/index.php?rest_route=\/wp\/v2\/pages\/4520\/revisions"}],"predecessor-version":[{"id":4672,"href":"https:\/\/tgp-papenburg.de\/index.php?rest_route=\/wp\/v2\/pages\/4520\/revisions\/4672"}],"wp:attachment":[{"href":"https:\/\/tgp-papenburg.de\/index.php?rest_route=%2Fwp%2Fv2%2Fmedia&parent=4520"}],"curies":[{"name":"wp","href":"https:\/\/api.w.org\/{rel}","templated":true}]}}